{"id":7045,"date":"2023-11-06T21:35:21","date_gmt":"2023-11-06T21:35:21","guid":{"rendered":"https:\/\/egn.pt\/wp\/?page_id=7045"},"modified":"2026-03-31T13:55:35","modified_gmt":"2026-03-31T13:55:35","slug":"inicio","status":"publish","type":"page","link":"https:\/\/egn.pt\/wp\/","title":{"rendered":"Inicio"},"content":{"rendered":"\t\t<div data-elementor-type=\"wp-page\" data-elementor-id=\"7045\" class=\"elementor elementor-7045\">\n\t\t\t\t\t\t\t\t\t<section class=\"elementor-section elementor-top-section elementor-element elementor-element-d16d4bf elementor-section-boxed elementor-section-height-default elementor-section-height-default\" data-id=\"d16d4bf\" data-element_type=\"section\">\n\t\t\t\t\t\t<div class=\"elementor-container elementor-column-gap-default\">\n\t\t\t\t\t<div class=\"elementor-column elementor-col-100 elementor-top-column elementor-element elementor-element-f094e1f\" data-id=\"f094e1f\" data-element_type=\"column\">\n\t\t\t<div class=\"elementor-widget-wrap elementor-element-populated\">\n\t\t\t\t\t\t\t\t<div class=\"elementor-element elementor-element-24a5dc5 elementor-widget elementor-widget-html\" data-id=\"24a5dc5\" data-element_type=\"widget\" data-widget_type=\"html.default\">\n\t\t\t\t<div class=\"elementor-widget-container\">\n\t\t\t<p style=\"color: #6ec1e4;\"><strong>\u00daLTIMAS NOT\u00cdCIAS<\/strong><\/p>\r\n<hr style=\"height: 2px; border-width: 0; color: gray; background-color: #6ec1e4;\" \/>\t\t<\/div>\n\t\t\t\t<\/div>\n\t\t\t\t\t<\/div>\n\t\t<\/div>\n\t\t\t\t\t\t\t<\/div>\n\t\t<\/section>\n\t\t\t\t<section class=\"elementor-section elementor-top-section elementor-element elementor-element-872610b elementor-section-boxed elementor-section-height-default elementor-section-height-default\" data-id=\"872610b\" data-element_type=\"section\">\n\t\t\t\t\t\t<div class=\"elementor-container elementor-column-gap-default\">\n\t\t\t\t\t<div class=\"elementor-column elementor-col-100 elementor-top-column elementor-element elementor-element-73aa07a\" data-id=\"73aa07a\" data-element_type=\"column\">\n\t\t\t<div class=\"elementor-widget-wrap elementor-element-populated\">\n\t\t\t\t\t\t\t\t<div class=\"elementor-element elementor-element-e0bc0b5 elementor-widget elementor-widget-athemes-posts\" data-id=\"e0bc0b5\" data-element_type=\"widget\" data-widget_type=\"athemes-posts.default\">\n\t\t\t\t<div class=\"elementor-widget-container\">\n\t\t\t\n\t\t<div class=\"panel-grid-cell\">\t\t\t<div class=\"latest-news-wrapper carousel owl-carousel row style1\">\n\t\t\t\t\t\t\t<div class=\"blog-post col-md-12\">\n\t\t\t\t\t\t\t\t\t\t\t\t\t\t\t\t\t\t\t\t\n\t\t\t\t\t<div class=\"post-background\" style=\"background-image: url(  )\"><\/div>\t\t\t\n\t\t\t\t\t\t\t\t\t\t\n\t\t\t\t\t\t\t\t\t<div class=\"entry-meta delimiter-dot\">\n\t\t\t\t\t\t\t\t\t\t\t\t\t<span class=\"posted-on\"><a href=\"https:\/\/egn.pt\/wp\/contratacao-de-escola-gr-100-educacao-pre-escolar\/\" rel=\"bookmark\"><time class=\"entry-date published\" datetime=\"2026-04-23T14:25:31+00:00\">23 de Abril, 2026<\/time><time class=\"updated\" datetime=\"2026-04-23T14:28:30+00:00\" >23 de Abril, 2026<\/time><\/a><\/span>\t\t\t\t\t\t\t\t\t\t\t\t\t\t\t\t\n\t\t\t\t\t<\/div>\n\t\t\t\t\t\t\t\t<h4 class=\"entry-title\"><a href=\"https:\/\/egn.pt\/wp\/contratacao-de-escola-gr-100-educacao-pre-escolar\/\" rel=\"bookmark\">Contrata\u00e7\u00e3o de Escola &#8211; GR 100 &#8211; Educa\u00e7\u00e3o Pr\u00e9-escolar<\/a><\/h4>\t\t\t\t\t<div class=\"entry-summary\">\n\t\t\t\t\t<p>Publica\u00e7\u00e3o da Lista Ordenada<\/p>\n<\/div>\n\t\t\t\t<\/div>\n\t\t\t\t\t\t\t<div class=\"blog-post col-md-12\">\n\t\t\t\t\t\t\t\t\t\t\t\t\t\t\t\t\t\t\t\t\n\t\t\t\t\t<div class=\"post-background\" style=\"background-image: url(  )\"><\/div>\t\t\t\n\t\t\t\t\t\t\t\t\t\t\n\t\t\t\t\t\t\t\t\t<div class=\"entry-meta delimiter-dot\">\n\t\t\t\t\t\t\t\t\t\t\t\t\t<span class=\"posted-on\"><a href=\"https:\/\/egn.pt\/wp\/aviso-matriculas-renovacao-2026-2027\/\" rel=\"bookmark\"><time class=\"entry-date published\" datetime=\"2026-04-20T17:42:40+00:00\">20 de Abril, 2026<\/time><time class=\"updated\" datetime=\"2026-04-20T17:43:27+00:00\" >20 de Abril, 2026<\/time><\/a><\/span>\t\t\t\t\t\t\t\t\t\t\t\t\t\t\t\t\n\t\t\t\t\t<\/div>\n\t\t\t\t\t\t\t\t<h4 class=\"entry-title\"><a href=\"https:\/\/egn.pt\/wp\/aviso-matriculas-renovacao-2026-2027\/\" rel=\"bookmark\">Aviso &#8211; Matr\u00edculas\/Renova\u00e7\u00e3o 2026\/2027<\/a><\/h4>\t\t\t\t\t<div class=\"entry-summary\">\n\t\t\t\t\t<p>Matr\u00edculas\/Renova\u00e7\u00e3o de matr\u00edculas 2026\/2027<\/p>\n<\/div>\n\t\t\t\t<\/div>\n\t\t\t\t\t\t\t<div class=\"blog-post col-md-12\">\n\t\t\t\t\t\t\t\t\t\t\t\t\t\t\t\t\t\t\t\t\n\t\t\t\t\t<div class=\"post-background\" style=\"background-image: url(  )\"><\/div>\t\t\t\n\t\t\t\t\t\t\t\t\t\t\n\t\t\t\t\t\t\t\t\t<div class=\"entry-meta delimiter-dot\">\n\t\t\t\t\t\t\t\t\t\t\t\t\t<span class=\"posted-on\"><a href=\"https:\/\/egn.pt\/wp\/aviso-acao-social-escolar-2026-2027\/\" rel=\"bookmark\"><time class=\"entry-date published\" datetime=\"2026-04-20T17:41:10+00:00\">20 de Abril, 2026<\/time><time class=\"updated\" datetime=\"2026-04-20T17:41:13+00:00\" >20 de Abril, 2026<\/time><\/a><\/span>\t\t\t\t\t\t\t\t\t\t\t\t\t\t\t\t\n\t\t\t\t\t<\/div>\n\t\t\t\t\t\t\t\t<h4 class=\"entry-title\"><a href=\"https:\/\/egn.pt\/wp\/aviso-acao-social-escolar-2026-2027\/\" rel=\"bookmark\">Aviso &#8211; A\u00e7\u00e3o Social Escolar 2026\/2027<\/a><\/h4>\t\t\t\t\t<div class=\"entry-summary\">\n\t\t\t\t\t<p>Educa\u00e7\u00e3o Pr\u00e9-escolar e 1\u00aa Ciclo<\/p>\n<\/div>\n\t\t\t\t<\/div>\n\t\t\t\t\t\t\t<div class=\"blog-post col-md-12\">\n\t\t\t\t\t\t\t\t\t\t\t\t\t\t\t\t\t\t\t\t\n\t\t\t\t\t<div class=\"post-background\" style=\"background-image: url(  )\"><\/div>\t\t\t\n\t\t\t\t\t\t\t\t\t\t\n\t\t\t\t\t\t\t\t\t<div class=\"entry-meta delimiter-dot\">\n\t\t\t\t\t\t\t\t\t\t\t\t\t<span class=\"posted-on\"><a href=\"https:\/\/egn.pt\/wp\/aegn-informacao-sobre-o-funcionamento-da-escola-secundaria-horario-noturno-17-04-2026\/\" rel=\"bookmark\"><time class=\"entry-date published\" datetime=\"2026-04-17T16:28:56+00:00\">17 de Abril, 2026<\/time><time class=\"updated\" datetime=\"2026-04-17T16:28:59+00:00\" >17 de Abril, 2026<\/time><\/a><\/span>\t\t\t\t\t\t\t\t\t\t\t\t\t\t\t\t\n\t\t\t\t\t<\/div>\n\t\t\t\t\t\t\t\t<h4 class=\"entry-title\"><a href=\"https:\/\/egn.pt\/wp\/aegn-informacao-sobre-o-funcionamento-da-escola-secundaria-horario-noturno-17-04-2026\/\" rel=\"bookmark\">AEGN | Informa\u00e7\u00e3o sobre o Funcionamento da Escola Secund\u00e1ria &#8211; Hor\u00e1rio Noturno &#8211; 17.04.2026<\/a><\/h4>\t\t\t\t\t<div class=\"entry-summary\">\n\t\t\t\t\t<p>Informamos a comunidade escolar que a Escola Sede do Agrupamento de Escolas da Gafanha da Nazar\u00e9 encerrar\u00e1 a partir das 18h30, devido \u00e0 greve geral.<\/p>\n<\/div>\n\t\t\t\t<\/div>\n\t\t\t\t\t\t\t<div class=\"blog-post col-md-12\">\n\t\t\t\t\t\t\t\t\t\t\t\t\t\t\t\t\t\t\t\t\n\t\t\t\t\t<div class=\"post-background\" style=\"background-image: url(  )\"><\/div>\t\t\t\n\t\t\t\t\t\t\t\t\t\t\n\t\t\t\t\t\t\t\t\t<div class=\"entry-meta delimiter-dot\">\n\t\t\t\t\t\t\t\t\t\t\t\t\t<span class=\"posted-on\"><a href=\"https:\/\/egn.pt\/wp\/aegn-informacao-sobre-o-funcionamento-das-escolas-17-04-2026\/\" rel=\"bookmark\"><time class=\"entry-date published\" datetime=\"2026-04-17T08:47:15+00:00\">17 de Abril, 2026<\/time><time class=\"updated\" datetime=\"2026-04-17T14:09:33+00:00\" >17 de Abril, 2026<\/time><\/a><\/span>\t\t\t\t\t\t\t\t\t\t\t\t\t\t\t\t\n\t\t\t\t\t<\/div>\n\t\t\t\t\t\t\t\t<h4 class=\"entry-title\"><a href=\"https:\/\/egn.pt\/wp\/aegn-informacao-sobre-o-funcionamento-das-escolas-17-04-2026\/\" rel=\"bookmark\">AEGN | Informa\u00e7\u00e3o sobre o Funcionamento das Escolas 17.04.2026<\/a><\/h4>\t\t\t\t\t<div class=\"entry-summary\">\n\t\t\t\t\t<p>O Agrupamento de Escolas da Gafanha da Nazar\u00e9 informa que, devido \u00e0 greve nacional da Fun\u00e7\u00e3o P\u00fablica, algumas escolas se encontram encerradas no dia de [&hellip;]<\/p>\n<\/div>\n\t\t\t\t<\/div>\n\t\t\t\t\t\t\t<div class=\"blog-post col-md-12\">\n\t\t\t\t\t\t\t\t\t\t\t\t\t\t\t\t\t\t\t\t\n\t\t\t\t\t<div class=\"post-background\" style=\"background-image: url(  )\"><\/div>\t\t\t\n\t\t\t\t\t\t\t\t\t\t\n\t\t\t\t\t\t\t\t\t<div class=\"entry-meta delimiter-dot\">\n\t\t\t\t\t\t\t\t\t\t\t\t\t<span class=\"posted-on\"><a href=\"https:\/\/egn.pt\/wp\/pre-aviso-de-greve-4\/\" rel=\"bookmark\"><time class=\"entry-date published\" datetime=\"2026-04-15T18:02:02+00:00\">15 de Abril, 2026<\/time><time class=\"updated\" datetime=\"2026-04-15T18:02:08+00:00\" >15 de Abril, 2026<\/time><\/a><\/span>\t\t\t\t\t\t\t\t\t\t\t\t\t\t\t\t\n\t\t\t\t\t<\/div>\n\t\t\t\t\t\t\t\t<h4 class=\"entry-title\"><a href=\"https:\/\/egn.pt\/wp\/pre-aviso-de-greve-4\/\" rel=\"bookmark\">PR\u00c9-AVISO DE GREVE<\/a><\/h4>\t\t\t\t\t<div class=\"entry-summary\">\n\t\t\t\t\t<p>Comunica\u00e7\u00e3o \u00e0 Comunidade Educativa<\/p>\n<\/div>\n\t\t\t\t<\/div>\n\t\t\t\t\t\t\t<div class=\"blog-post col-md-12\">\n\t\t\t\t\t\t\t\t\t\t\t\t\t\t\t\t\t\t\t\t\n\t\t\t\t\t<div class=\"post-background\" style=\"background-image: url(  )\"><\/div>\t\t\t\n\t\t\t\t\t\t\t\t\t\t\n\t\t\t\t\t\t\t\t\t<div class=\"entry-meta delimiter-dot\">\n\t\t\t\t\t\t\t\t\t\t\t\t\t<span class=\"posted-on\"><a href=\"https:\/\/egn.pt\/wp\/pre-aviso-de-greve-3\/\" rel=\"bookmark\"><time class=\"entry-date published\" datetime=\"2026-04-15T13:50:34+00:00\">15 de Abril, 2026<\/time><time class=\"updated\" datetime=\"2026-04-16T15:00:06+00:00\" >16 de Abril, 2026<\/time><\/a><\/span>\t\t\t\t\t\t\t\t\t\t\t\t\t\t\t\t\n\t\t\t\t\t<\/div>\n\t\t\t\t\t\t\t\t<h4 class=\"entry-title\"><a href=\"https:\/\/egn.pt\/wp\/pre-aviso-de-greve-3\/\" rel=\"bookmark\">PR\u00c9-AVISO DE GREVE<\/a><\/h4>\t\t\t\t\t<div class=\"entry-summary\">\n\t\t\t\t\t<p>De acordo com informa\u00e7\u00e3o da\u00a0Federa\u00e7\u00e3o dos Sindicatos de Agricultura, Alimenta\u00e7\u00e3o, Bebidas, Hotelaria e Turismo de Portugal \u2013 FESAHT\u00a0e da FENPROF &#8211; Federa\u00e7\u00e3o Nacional de Professores, [&hellip;]<\/p>\n<\/div>\n\t\t\t\t<\/div>\n\t\t\t\t\t\t\t<div class=\"blog-post col-md-12\">\n\t\t\t\t\t\t\t\t\t\t\t\t\t\t\t\t\t\t\t\t\n\t\t\t\t\t<div class=\"post-background\" style=\"background-image: url(  )\"><\/div>\t\t\t\n\t\t\t\t\t\t\t\t\t\t\n\t\t\t\t\t\t\t\t\t<div class=\"entry-meta delimiter-dot\">\n\t\t\t\t\t\t\t\t\t\t\t\t\t<span class=\"posted-on\"><a href=\"https:\/\/egn.pt\/wp\/greve-provas-ensaio\/\" rel=\"bookmark\"><time class=\"entry-date published\" datetime=\"2026-04-14T09:53:59+00:00\">14 de Abril, 2026<\/time><time class=\"updated\" datetime=\"2026-04-14T10:00:00+00:00\" >14 de Abril, 2026<\/time><\/a><\/span>\t\t\t\t\t\t\t\t\t\t\t\t\t\t\t\t\n\t\t\t\t\t<\/div>\n\t\t\t\t\t\t\t\t<h4 class=\"entry-title\"><a href=\"https:\/\/egn.pt\/wp\/greve-provas-ensaio\/\" rel=\"bookmark\">Greve &#8211; Provas Ensaio<\/a><\/h4>\t\t\t\t\t<div class=\"entry-summary\">\n\t\t\t\t\t<p>Divulga\u00e7\u00e3o\u00a0da informa\u00e7\u00e3o e\u00a0dos pr\u00e9-avisos da\u00a0greve\u00a0a todo o trabalho associado \u00e0s Provas-ensaio, com in\u00edcio a 13 de abril de 2026<\/p>\n<\/div>\n\t\t\t\t<\/div>\n\t\t\t\t\t\t\t<div class=\"blog-post col-md-12\">\n\t\t\t\t\t\t\t\t\t\t\t\t\t\t\t\t\t\t\t\t\n\t\t\t\t\t<div class=\"post-background\" style=\"background-image: url(  )\"><\/div>\t\t\t\n\t\t\t\t\t\t\t\t\t\t\n\t\t\t\t\t\t\t\t\t<div class=\"entry-meta delimiter-dot\">\n\t\t\t\t\t\t\t\t\t\t\t\t\t<span class=\"posted-on\"><a href=\"https:\/\/egn.pt\/wp\/aegn-informacao-sobre-o-funcionamento-das-escolas-23-03-2026\/\" rel=\"bookmark\"><time class=\"entry-date published\" datetime=\"2026-03-23T10:33:46+00:00\">23 de Mar\u00e7o, 2026<\/time><time class=\"updated\" datetime=\"2026-03-23T15:18:50+00:00\" >23 de Mar\u00e7o, 2026<\/time><\/a><\/span>\t\t\t\t\t\t\t\t\t\t\t\t\t\t\t\t\n\t\t\t\t\t<\/div>\n\t\t\t\t\t\t\t\t<h4 class=\"entry-title\"><a href=\"https:\/\/egn.pt\/wp\/aegn-informacao-sobre-o-funcionamento-das-escolas-23-03-2026\/\" rel=\"bookmark\">AEGN | Informa\u00e7\u00e3o sobre o Funcionamento das Escolas 23.03.2026<\/a><\/h4>\t\t\t\t\t<div class=\"entry-summary\">\n\t\t\t\t\t<p>O Agrupamento de Escolas da Gafanha da Nazar\u00e9 informa que, devido \u00e0 greve nacional da Fun\u00e7\u00e3o P\u00fablica, algumas escolas se encontram encerradas no dia de [&hellip;]<\/p>\n<\/div>\n\t\t\t\t<\/div>\n\t\t\t\t\t\t<\/div>\n\t\t<\/div>\n\n\t\t\t\t\t\t\t\t\t\t\t\t<a href=\"https:\/\/egn.pt\/wp\/category\/destaques\/\" class=\"roll-button more-button\">Mais Not\u00edcias &gt;<\/a>\n\t\t\t\t\n\t\t\t\n\t\t\n\t\t\t\t<\/div>\n\t\t\t\t<\/div>\n\t\t\t\t\t<\/div>\n\t\t<\/div>\n\t\t\t\t\t\t\t<\/div>\n\t\t<\/section>\n\t\t\t\t<section class=\"elementor-section elementor-top-section elementor-element elementor-element-2da5a49 elementor-section-boxed elementor-section-height-default elementor-section-height-default\" data-id=\"2da5a49\" data-element_type=\"section\">\n\t\t\t\t\t\t<div class=\"elementor-container elementor-column-gap-default\">\n\t\t\t\t\t<div class=\"elementor-column elementor-col-100 elementor-top-column elementor-element elementor-element-e268bf9\" data-id=\"e268bf9\" data-element_type=\"column\">\n\t\t\t<div class=\"elementor-widget-wrap\">\n\t\t\t\t\t\t\t\t\t<\/div>\n\t\t<\/div>\n\t\t\t\t\t\t\t<\/div>\n\t\t<\/section>\n\t\t\t\t<section class=\"elementor-section elementor-top-section elementor-element elementor-element-af5ee8c elementor-section-boxed elementor-section-height-default elementor-section-height-default\" data-id=\"af5ee8c\" data-element_type=\"section\">\n\t\t\t\t\t\t<div class=\"elementor-container elementor-column-gap-default\">\n\t\t\t\t\t<div class=\"elementor-column elementor-col-100 elementor-top-column elementor-element elementor-element-008dcbc\" data-id=\"008dcbc\" data-element_type=\"column\">\n\t\t\t<div class=\"elementor-widget-wrap elementor-element-populated\">\n\t\t\t\t\t\t\t\t<div class=\"elementor-element elementor-element-9724701 elementor-widget elementor-widget-html\" data-id=\"9724701\" data-element_type=\"widget\" data-widget_type=\"html.default\">\n\t\t\t\t<div class=\"elementor-widget-container\">\n\t\t\t<style type=\"text\/css\">\r\n.center {\r\n  margin: auto;\r\n  \/\/width: 60%;\r\n  border: 0px solid #73AD21;\r\n  \/\/padding: 50px;\r\n  text-align:center;\r\n  background-color: #d3d5d6;\r\n  \/\/background-image: url(\"https:\/\/www.egn.pt\/wp\/wp-content\/uploads\/2022\/imagens\/footer.jpg\");\r\n  \/\/background-repeat: no-repeat, repeat;\r\n}\r\n.center2 {\r\n  margin: auto;\r\n  text-align:center;\r\n}\r\n<\/style>\r\n\r\n<div class=\"center2\">\r\n<a href=\"https:\/\/aegn.inovarmais.com\/alunos\" target=\"_blank\" rel=\"noopener\">\r\n<img loading=\"lazy\" onmouseover = \"changePicInovar11()\" onmouseout= \"changePicInovar12()\" id=\"imgInovar1\" src=\"https:\/\/egn.pt\/wp\/Imagens\/Homepage\/inovar_sum1.png\" alt=\"\" width=\"70\" height=\"70\" \/>\r\n<\/a>\r\n\r\n<a href=\"https:\/\/aegn.inovarmais.com\/pessoal\/\" target=\"_blank\" rel=\"noopener\">\r\n<img loading=\"lazy\" onmouseover = \"changePicInovarPessoal1()\" onmouseout= \"changePicInovarPessoal2()\" id=\"imgInovarPessoal\" src=\"https:\/\/egn.pt\/wp\/Imagens\/Homepage\/inovar_pessoal1.png\" alt=\"\" width=\"70\" height=\"70\" \/>\r\n<\/a>\r\n\r\n\r\n<a href=\"https:\/\/aegn.inovarmais.com\/paa\" target=\"_blank\" rel=\"noopener\">\r\n<img loading=\"lazy\" onmouseover = \"changePicInovarPAA1()\" onmouseout= \"changePicInovarPAA2()\" id=\"imgInovarPAA\" src=\"https:\/\/egn.pt\/wp\/Imagens\/Homepage\/inovar_paa1.png\" alt=\"\" width=\"70\" height=\"70\" \/>\r\n<\/a>\r\n\r\n\r\n<img id=\"imgMoodle\" src=\"https:\/\/egn.pt\/wp\/Imagens\/Homepage\/branco.png\" alt=\"\" \r\n\r\nwidth=\"70\" height=\"70\" \/>\r\n\r\n<a href=\"https:\/\/aegn.inovarmais.com\/consulta\/app\/index.html#\/login\" target=\"_blank\" rel=\"noopener\">\r\n<img loading=\"lazy\" onmouseover = \"changePicInovar51()\" onmouseout= \"changePicInovar52()\" id=\"imgInovar5\" src=\"https:\/\/egn.pt\/wp\/Imagens\/Homepage\/inovar_ee1.png\" alt=\"\" width=\"70\" height=\"70\" \/>\r\n<\/a>\r\n\r\n<a href=\"https:\/\/www.egn.pt\/wp\/gafanhoto\/\" rel=\"noopener\">\r\n<img loading=\"lazy\" onmouseover = \"changePicGafanhoto1()\" onmouseout= \"changePicGafanhoto2()\" id=\"imgGafanhoto\" src=\"https:\/\/egn.pt\/wp\/Imagens\/Homepage\/gafanhoto1.png\" alt=\"\" width=\"70\" height=\"70\" \/>\r\n<\/a>\r\n\r\n<a href=\"https:\/\/aegn.unicard.pt:443\/UnicardSIGE_Portal\" target=\"_blank\" rel=\"noopener\">\r\n<img loading=\"lazy\" onmouseover = \"changePicSIGE1()\" onmouseout= \"changePicSIGE2()\" id=\"imgSIGE\" src=\"https:\/\/egn.pt\/wp\/Imagens\/Homepage\/sige1.png\" alt=\"\" width=\"70\" height=\"70\" \/>\r\n<\/a>\r\n\r\n<a href=\"https:\/\/www.cfaecivob.cfae.pt\/\" target=\"_blank\" rel=\"noopener\">\r\n<img loading=\"lazy\" onmouseover = \"changePicCfae1()\" onmouseout= \"changePicCfae2()\" id=\"imgCfae\" src=\"https:\/\/egn.pt\/wp\/Imagens\/Homepage\/_logo_cfaecivob_2025_cinza.png\" alt=\"\" width=\"70\" height=\"70\" \/>\r\n<\/a>\r\n\r\n<a href=\"https:\/\/www.instagram.com\/ae_gafanha_nazare\/\" target=\"_blank\" rel=\"noopener\">\r\n\r\n<img loading=\"lazy\" onmouseover = \"changePicIG1()\" onmouseout= \"changePicIG2()\" id=\"imgIG\" src=\"https:\/\/egn.pt\/wp\/Imagens\/Homepage\/ig1.png\" alt=\"\" width=\"70\" height=\"70\" \/>\r\n<\/a>\r\n\r\n<a href=\"https:\/\/www.facebook.com\/aegnazare\/\" target=\"_blank\" rel=\"noopener\">\r\n<img loading=\"lazy\" onmouseover = \"changePicFB1()\" onmouseout= \"changePicFB2()\" id=\"imgFB\" src=\"https:\/\/egn.pt\/wp\/Imagens\/Homepage\/fb1.png\" alt=\"\" width=\"70\" height=\"70\" \/>\r\n<\/a>\r\n\r\n<a href=\"https:\/\/www.tiktok.com\/@aegn156\" target=\"_blank\" rel=\"noopener\">\r\n<img loading=\"lazy\" onmouseover = \"changePicTikTok1()\" onmouseout= \"changePicTikTok2()\" id=\"imgTikTok\" src=\"https:\/\/egn.pt\/wp\/Imagens\/Homepage\/tiktok1.png\" alt=\"\" width=\"70\" height=\"70\" \/>\r\n<\/a>\r\n\r\n\r\n\r\n<br\/>\r\n&nbsp;\r\n\r\n<\/div>\r\n<div class=\"center\">\r\n<p style=\"text-align: center;\">\r\n<br\/>\r\n<strong>AGRUPAMENTO DE ESCOLAS DE GAFANHA DA NAZAR\u00c9<\/strong>\r\n<br\/>\r\nRua Dr. Joaquim Ant\u00f3nio Vil\u00e3o 3830-686 Gafanha da Nazar\u00e9\r\n<br\/>\r\nApartado 82 3834-908 Gafanha da Nazar\u00e9\r\n<br\/>\r\nTel. 234 390 890 (Chamada para a rede fixa nacional)\r\n<br\/>\r\nE-mail: egn@egn.pt\r\n<br\/>\r\nServi\u00e7os Administrativos: secretaria.egn@egn.pt\r\n<br\/>\r\nHor\u00e1rio de atendimento: 2.\u00aa, 4.\u00aa e 6.\u00aa feiras das 9h00 \u00e0s 13h00\r\n3.\u00aa e 5.\u00aa feiras das 13h30 \u00e0s 17h00<\/p>\r\n<p style=\"text-align: center; font-size: 0.70em;\"><br\/>\r\n<a href=\"https:\/\/egn.pt\/wp\/rgpd\/\" target=\"_blank\">Pol\u00edtica de Pivacidade e Prote\u00e7\u00e3o de Dados Pessoais<\/a>\r\n<\/p>\r\n<\/div>\r\n<script>\r\nfunction changePicIG1() {document.getElementById(\"imgIG\").src = \"https:\/\/egn.pt\/wp\/Imagens\/Homepage\/ig2.png\";}\r\nfunction changePicIG2() {document.getElementById(\"imgIG\").src = \"https:\/\/egn.pt\/wp\/Imagens\/Homepage\/ig1.png\";}\r\n\r\nfunction changePicFB1() {document.getElementById(\"imgFB\").src = \"https:\/\/egn.pt\/wp\/Imagens\/Homepage\/fb2.png\";}\r\nfunction changePicFB2() {document.getElementById(\"imgFB\").src = \"https:\/\/egn.pt\/wp\/Imagens\/Homepage\/fb1.png\";}\r\n\r\nfunction changePicSIGE1() {document.getElementById(\"imgSIGE\").src = \"https:\/\/egn.pt\/wp\/Imagens\/Homepage\/sige2.png\";}\r\nfunction changePicSIGE2() {document.getElementById(\"imgSIGE\").src = \"https:\/\/egn.pt\/wp\/Imagens\/Homepage\/sige1.png\";}\r\n\r\nfunction changePicMoodle1() {document.getElementById(\"imgMoodle\").src = \"https:\/\/egn.pt\/wp\/Imagens\/Homepage\/moodle2.png\";}\r\nfunction changePicMoodle2() {document.getElementById(\"imgMoodle\").src = \"https:\/\/egn.pt\/wp\/Imagens\/Homepage\/moodle1.png\";}\r\n\r\nfunction changePicInovar11() {document.getElementById(\"imgInovar1\").src = \"https:\/\/egn.pt\/wp\/Imagens\/Homepage\/inovar_sum2.png\";}\r\nfunction changePicInovar12() {document.getElementById(\"imgInovar1\").src = \"https:\/\/egn.pt\/wp\/Imagens\/Homepage\/inovar_sum1.png\";}\r\n\r\nfunction changePicInovar21() {document.getElementById(\"imgInovar2\").src = \"https:\/\/egn.pt\/wp\/Imagens\/Homepage\/inovar_pro2.png\";}\r\nfunction changePicInovar22() {document.getElementById(\"imgInovar2\").src = \"https:\/\/egn.pt\/wp\/Imagens\/Homepage\/inovar_pro1.png\";}\r\n\r\nfunction changePicInovar31() {document.getElementById(\"imgInovar3\").src = \"https:\/\/egn.pt\/wp\/Imagens\/Homepage\/inovar_efa2.png\";}\r\nfunction changePicInovar32() {document.getElementById(\"imgInovar3\").src = \"https:\/\/egn.pt\/wp\/Imagens\/Homepage\/inovar_efa1.png\";}\r\n\r\nfunction changePicInovarPAA1() {document.getElementById(\"imgInovarPAA\").src = \"https:\/\/egn.pt\/wp\/Imagens\/Homepage\/inovar_paa2.png\";}\r\nfunction changePicInovarPAA2() {document.getElementById(\"imgInovarPAA\").src = \"https:\/\/egn.pt\/wp\/Imagens\/Homepage\/inovar_paa1.png\";}\r\n\r\n\r\nfunction changePicInovarPessoal1() {document.getElementById(\"imgInovarPessoal\").src = \"https:\/\/egn.pt\/wp\/Imagens\/Homepage\/inovar_pessoal2.png\";}\r\nfunction changePicInovarPessoal2() {document.getElementById(\"imgInovarPessoal\").src = \"https:\/\/egn.pt\/wp\/Imagens\/Homepage\/inovar_pessoal1.png\";}\r\n\r\nfunction changePicGafanhoto1() {document.getElementById(\"imgGafanhoto\").src = \"https:\/\/egn.pt\/wp\/Imagens\/Homepage\/gafanhoto2.png\";}\r\nfunction changePicGafanhoto2() {document.getElementById(\"imgGafanhoto\").src = \"https:\/\/egn.pt\/wp\/Imagens\/Homepage\/gafanhoto1.png\";}\r\n\r\nfunction changePicInovar51() {document.getElementById(\"imgInovar5\").src = \"https:\/\/egn.pt\/wp\/Imagens\/Homepage\/inovar_ee2.png\";}\r\nfunction changePicInovar52() {document.getElementById(\"imgInovar5\").src = \"https:\/\/egn.pt\/wp\/Imagens\/Homepage\/inovar_ee1.png\";}\r\nfunction changePicTikTok1() {document.getElementById(\"imgTikTok\").src = \"https:\/\/egn.pt\/wp\/Imagens\/Homepage\/tiktok2.png\";}\r\nfunction changePicTikTok2() {document.getElementById(\"imgTikTok\").src = \"https:\/\/egn.pt\/wp\/Imagens\/Homepage\/tiktok1.png\";}\r\nfunction changePicCfae1() {document.getElementById(\"imgCfae\").src = \"https:\/\/egn.pt\/wp\/Imagens\/Homepage\/_logo_cfaecivob_2025_cor.png\";}\r\nfunction changePicCfae2() {document.getElementById(\"imgCfae\").src = \"https:\/\/egn.pt\/wp\/Imagens\/Homepage\/_logo_cfaecivob_2025_cinza.png\";}\r\n<\/script>\t\t<\/div>\n\t\t\t\t<\/div>\n\t\t\t\t\t<\/div>\n\t\t<\/div>\n\t\t\t\t\t\t\t<\/div>\n\t\t<\/section>\n\t\t\t\t\t\t\t<\/div>\n\t\t","protected":false},"excerpt":{"rendered":"<p>\u00daLTIMAS NOT\u00cdCIAS 23 de Mar\u00e7o, 202623 de Mar\u00e7o, 2026 AEGN | Informa\u00e7\u00e3o sobre o Funcionamento das Escolas 23.03.2026 O Agrupamento de Escolas da Gafanha da [&hellip;]<\/p>\n","protected":false},"author":1,"featured_media":0,"parent":0,"menu_order":0,"comment_status":"closed","ping_status":"closed","template":"page-templates\/page_front-page.php","meta":[],"_links":{"self":[{"href":"https:\/\/egn.pt\/wp\/wp-json\/wp\/v2\/pages\/7045"}],"collection":[{"href":"https:\/\/egn.pt\/wp\/wp-json\/wp\/v2\/pages"}],"about":[{"href":"https:\/\/egn.pt\/wp\/wp-json\/wp\/v2\/types\/page"}],"author":[{"embeddable":true,"href":"https:\/\/egn.pt\/wp\/wp-json\/wp\/v2\/users\/1"}],"replies":[{"embeddable":true,"href":"https:\/\/egn.pt\/wp\/wp-json\/wp\/v2\/comments?post=7045"}],"version-history":[{"count":214,"href":"https:\/\/egn.pt\/wp\/wp-json\/wp\/v2\/pages\/7045\/revisions"}],"predecessor-version":[{"id":9778,"href":"https:\/\/egn.pt\/wp\/wp-json\/wp\/v2\/pages\/7045\/revisions\/9778"}],"wp:attachment":[{"href":"https:\/\/egn.pt\/wp\/wp-json\/wp\/v2\/media?parent=7045"}],"curies":[{"name":"wp","href":"https:\/\/api.w.org\/{rel}","templated":true}]}}